{"id":6550,"date":"2024-09-24T10:06:55","date_gmt":"2024-09-24T08:06:55","guid":{"rendered":"https:\/\/maisondelenergie.sehv.fr\/?page_id=6550"},"modified":"2024-09-30T10:45:43","modified_gmt":"2024-09-30T08:45:43","slug":"actualite-la-maison-de-lenergie-a-la-fete-de-la-science-2024","status":"publish","type":"page","link":"https:\/\/maisondelenergie.sehv.fr\/index.php\/actualite-la-maison-de-lenergie-a-la-fete-de-la-science-2024\/","title":{"rendered":"Actualit\u00e9 &#8211; Un nouvel atelier de LA MAISON DE L&rsquo;\u00c9NERGIE \u00e0 d\u00e9couvrir lors de la F\u00eate de la Science et du Grand lab&rsquo;eau !"},"content":{"rendered":"\t\t<div data-elementor-type=\"wp-page\" data-elementor-id=\"6550\" class=\"elementor elementor-6550\">\n\t\t\t\t<div class=\"elementor-element elementor-element-ee13279 e-flex e-con-boxed e-con e-parent\" data-id=\"ee13279\" data-element_type=\"container\" data-e-type=\"container\">\n\t\t\t\t\t<div class=\"e-con-inner\">\n\t\t\t\t<div class=\"elementor-element elementor-element-b56e654 elementor-widget-divider--view-line elementor-widget elementor-widget-divider\" data-id=\"b56e654\" data-element_type=\"widget\" data-e-type=\"widget\" data-widget_type=\"divider.default\">\n\t\t\t\t<div class=\"elementor-widget-container\">\n\t\t\t\t\t\t\t<div class=\"elementor-divider\">\n\t\t\t<span class=\"elementor-divider-separator\">\n\t\t\t\t\t\t<\/span>\n\t\t<\/div>\n\t\t\t\t\t\t<\/div>\n\t\t\t\t<\/div>\n\t\t\t\t\t<\/div>\n\t\t\t\t<\/div>\n\t\t<div class=\"elementor-element elementor-element-54997de e-flex e-con-boxed e-con e-parent\" data-id=\"54997de\" data-element_type=\"container\" data-e-type=\"container\">\n\t\t\t\t\t<div class=\"e-con-inner\">\n\t\t<div class=\"elementor-element elementor-element-753dbdd e-con-full e-flex e-con e-child\" data-id=\"753dbdd\" data-element_type=\"container\" data-e-type=\"container\">\n\t\t\t\t<div class=\"elementor-element elementor-element-1843d1a elementor-widget elementor-widget-heading\" data-id=\"1843d1a\" data-element_type=\"widget\" data-e-type=\"widget\" data-widget_type=\"heading.default\">\n\t\t\t\t<div class=\"elementor-widget-container\">\n\t\t\t\t\t<div class=\"elementor-heading-title elementor-size-default\">Un nouvel atelier de LA MAISON DE L'\u00c9NERGIE \u00e0 d\u00e9couvrir lors de la F\u00eate de la Science et du Grand lab'EAU !<\/div>\t\t\t\t<\/div>\n\t\t\t\t<\/div>\n\t\t\t\t<div class=\"elementor-element elementor-element-005e00d elementor-widget elementor-widget-text-editor\" data-id=\"005e00d\" data-element_type=\"widget\" data-e-type=\"widget\" data-widget_type=\"text-editor.default\">\n\t\t\t\t<div class=\"elementor-widget-container\">\n\t\t\t\t\t\t\t\t\t<h5>Du 10 au 12 octobre 2024, les nouveaux ateliers sur l\u2019eau propos\u00e9s par le Syndicat \u00c9nergies Haute-Vienne seront au village des sciences de Limoges, \u00e0 Ester technopole. Venez d\u00e9couvrir \u00ab Ton moulin, ton moulin va trop vite \u00bb sur l\u2019hydro\u00e9lectricit\u00e9 et le \u00ab Water quizz \u00bb pour apprendre \u00e0 \u00e9conomiser l\u2019eau chaude.<\/h5>\n<p><span style=\"color: #faa21b;\">Publi\u00e9 le 24\/09\/2024<\/span><\/p>\t\t\t\t\t\t\t\t<\/div>\n\t\t\t\t<\/div>\n\t\t\t\t<\/div>\n\t\t\t\t\t<\/div>\n\t\t\t\t<\/div>\n\t\t<div class=\"elementor-element elementor-element-75ec5e9 e-flex e-con-boxed e-con e-parent\" data-id=\"75ec5e9\" data-element_type=\"container\" data-e-type=\"container\">\n\t\t\t\t\t<div class=\"e-con-inner\">\n\t\t<div class=\"elementor-element elementor-element-ec0e56d e-con-full e-flex e-con e-child\" data-id=\"ec0e56d\" data-element_type=\"container\" data-e-type=\"container\">\n\t\t\t\t<div class=\"elementor-element elementor-element-2ee418c elementor-widget elementor-widget-image\" data-id=\"2ee418c\" data-element_type=\"widget\" data-e-type=\"widget\" data-widget_type=\"image.default\">\n\t\t\t\t<div class=\"elementor-widget-container\">\n\t\t\t\t\t\t\t\t\t\t\t\t\t\t\t<img fetchpriority=\"high\" decoding=\"async\" width=\"500\" height=\"300\" src=\"https:\/\/maisondelenergie.sehv.fr\/wp-content\/uploads\/2024\/09\/Fete-de-la-science-grand-labeau.png\" class=\"attachment-large size-large wp-image-6564\" alt=\"\" srcset=\"https:\/\/maisondelenergie.sehv.fr\/wp-content\/uploads\/2024\/09\/Fete-de-la-science-grand-labeau.png 500w, https:\/\/maisondelenergie.sehv.fr\/wp-content\/uploads\/2024\/09\/Fete-de-la-science-grand-labeau-300x180.png 300w\" sizes=\"(max-width: 500px) 100vw, 500px\" \/>\t\t\t\t\t\t\t\t\t\t\t\t\t\t\t<\/div>\n\t\t\t\t<\/div>\n\t\t\t\t<\/div>\n\t\t\t\t\t<\/div>\n\t\t\t\t<\/div>\n\t\t<div class=\"elementor-element elementor-element-84ad750 e-flex e-con-boxed e-con e-parent\" data-id=\"84ad750\" data-element_type=\"container\" data-e-type=\"container\">\n\t\t\t\t\t<div class=\"e-con-inner\">\n\t\t<div class=\"elementor-element elementor-element-7a8649d e-con-full e-flex e-con e-child\" data-id=\"7a8649d\" data-element_type=\"container\" data-e-type=\"container\">\n\t\t\t\t<div class=\"elementor-element elementor-element-d3402f8 elementor-widget elementor-widget-text-editor\" data-id=\"d3402f8\" data-element_type=\"widget\" data-e-type=\"widget\" data-widget_type=\"text-editor.default\">\n\t\t\t\t<div class=\"elementor-widget-container\">\n\t\t\t\t\t\t\t\t\t<p><strong>L\u2019\u00e9quipe d\u2019animation du SEHV sera au village des sciences dans la coupole d\u2019Ester technopole du jeudi 10 au samedi 12 octobre !<\/strong><\/p><p><br \/>Le jeudi 10 et le vendredi 11 octobre seront consacr\u00e9s aux scolaires du territoire. Pr\u00e8s de 2000 enfants sont attendus \u00e0 ESTER Technopole pour une immersion totale dans le monde de l\u2019eau. Le samedi 12 octobre sera une journ\u00e9e grand public o\u00f9 petits et grands pourront venir en famille ou entre amis d\u00e9couvrir l\u2019eau sous toutes ses facettes.<\/p><p><br \/><strong>Le Syndicat Energies Haute-Vienne y animera des ateliers de 30 minutes pour faire d\u00e9couvrir en exclusivit\u00e9 son tout nouvel atelier sur l\u2019eau et l\u2019\u00e9nergie. Celui-ci sera ensuite disponible \u00e0 La Maison de l\u2019\u00c9nergie !<\/strong><\/p><p><br \/>L\u2019eau y est \u00e0 la fois abord\u00e9e comme ressource en \u00e9nergie que l\u2019on peut utiliser pour produire de l\u2019\u00e9lectricit\u00e9 mais \u00e9galement comme ressource que l\u2019on consomme au quotidien : l\u2019eau chaude. Ces ateliers sur l\u2019eau et l\u2019\u00e9nergie sont une excellente occasion de sensibiliser sur l\u2019importance de cette ressource et sur les moyens de l\u2019utiliser de mani\u00e8re durable. Au programme : des explications sur le fonctionnement de l\u2019hydro\u00e9lectricit\u00e9, des exp\u00e9riences sur la force de l\u2019eau ainsi qu\u2019un quiz grandeur nature permettant d\u2019aborder les \u00e9co-gestes li\u00e9s \u00e0 l\u2019eau chaude : le Water Quiz.<\/p>\t\t\t\t\t\t\t\t<\/div>\n\t\t\t\t<\/div>\n\t\t\t\t<\/div>\n\t\t\t\t\t<\/div>\n\t\t\t\t<\/div>\n\t\t<div class=\"elementor-element elementor-element-d15f1e9 e-flex e-con-boxed e-con e-parent\" data-id=\"d15f1e9\" data-element_type=\"container\" data-e-type=\"container\">\n\t\t\t\t\t<div class=\"e-con-inner\">\n\t\t<div class=\"elementor-element elementor-element-34f1c25 e-con-full e-flex e-con e-child\" data-id=\"34f1c25\" data-element_type=\"container\" data-e-type=\"container\">\n\t\t\t\t<div class=\"elementor-element elementor-element-bcfc548 elementor-widget elementor-widget-image\" data-id=\"bcfc548\" data-element_type=\"widget\" data-e-type=\"widget\" data-widget_type=\"image.default\">\n\t\t\t\t<div class=\"elementor-widget-container\">\n\t\t\t\t\t\t\t\t\t\t\t\t\t\t\t<img decoding=\"async\" width=\"800\" height=\"427\" src=\"https:\/\/maisondelenergie.sehv.fr\/wp-content\/uploads\/2024\/09\/logo_fds-1024x546.jpg\" class=\"attachment-large size-large wp-image-6596\" alt=\"\" srcset=\"https:\/\/maisondelenergie.sehv.fr\/wp-content\/uploads\/2024\/09\/logo_fds-1024x546.jpg 1024w, https:\/\/maisondelenergie.sehv.fr\/wp-content\/uploads\/2024\/09\/logo_fds-300x160.jpg 300w, https:\/\/maisondelenergie.sehv.fr\/wp-content\/uploads\/2024\/09\/logo_fds-768x409.jpg 768w, https:\/\/maisondelenergie.sehv.fr\/wp-content\/uploads\/2024\/09\/logo_fds.jpg 1400w\" sizes=\"(max-width: 800px) 100vw, 800px\" \/>\t\t\t\t\t\t\t\t\t\t\t\t\t\t\t<\/div>\n\t\t\t\t<\/div>\n\t\t\t\t<\/div>\n\t\t<div class=\"elementor-element elementor-element-3f5baaa e-con-full e-flex e-con e-child\" data-id=\"3f5baaa\" data-element_type=\"container\" data-e-type=\"container\">\n\t\t\t\t<div class=\"elementor-element elementor-element-3c84112 elementor-widget elementor-widget-text-editor\" data-id=\"3c84112\" data-element_type=\"widget\" data-e-type=\"widget\" data-widget_type=\"text-editor.default\">\n\t\t\t\t<div class=\"elementor-widget-container\">\n\t\t\t\t\t\t\t\t\t<p><strong>Vous avez dit \u00ab F\u00eate de la science ? \u00bb<\/strong><\/p>\n<p><\/p>\n<p>La F\u00eate de la science est une manifestation populaire et gratuite qui c\u00e9l\u00e8bre les sciences, les techniques et les innovations sur l\u2019ensemble du territoire. Elle s\u2019adresse \u00e0 tous les publics et contribue \u00e0 favoriser le partage des savoirs entre les scientifiques et les citoyens. En Limousin, elle est organis\u00e9e par <strong>R\u00e9cr\u00e9asciences CCSTI<\/strong>.<\/p>\t\t\t\t\t\t\t\t<\/div>\n\t\t\t\t<\/div>\n\t\t\t\t<\/div>\n\t\t\t\t\t<\/div>\n\t\t\t\t<\/div>\n\t\t<div class=\"elementor-element elementor-element-8f1440b e-flex e-con-boxed e-con e-parent\" data-id=\"8f1440b\" data-element_type=\"container\" data-e-type=\"container\">\n\t\t\t\t\t<div class=\"e-con-inner\">\n\t\t<div class=\"elementor-element elementor-element-f07f9c1 e-con-full e-flex e-con e-child\" data-id=\"f07f9c1\" data-element_type=\"container\" data-e-type=\"container\">\n\t\t\t\t<div class=\"elementor-element elementor-element-37390b5 elementor-widget elementor-widget-text-editor\" data-id=\"37390b5\" data-element_type=\"widget\" data-e-type=\"widget\" data-widget_type=\"text-editor.default\">\n\t\t\t\t<div class=\"elementor-widget-container\">\n\t\t\t\t\t\t\t\t\t<p><strong>L\u2019\u00e9dition 2024 de la F\u00eate de la science s\u2019inscrit autour du th\u00e8me \u00ab\u00a0Oc\u00e9ans de Savoirs\u00a0\u00bb, et se d\u00e9roulera, en Limousin, du 4 au 17 octobre.<\/strong><\/p><p>\u00a0<\/p><p>Au vu du th\u00e8me de cette ann\u00e9e, <strong>la F\u00eate de la Science 2024 est associ\u00e9e en Haute-Vienne au Grand LAB\u2019EAU, un \u00e9v\u00e9nement organis\u00e9 par Limoges M\u00e9tropole.<\/strong><\/p><p><br \/>Cet \u00e9v\u00e9nement s\u2019inscrit dans le cadre des \u00ab 50 ans de la Fili\u00e8re Eau &amp; Environnement \u00bb et de la F\u00eate de la Science en Limousin et a pour objectif de sensibiliser les publics aux enjeux de l\u2019eau et promouvoir son usage durable.<\/p><p>\u00a0<\/p><p><strong>Des conf\u00e9rences, des expositions, mais aussi des ateliers sont ouverts au public pendant le week-end.<\/strong><\/p><p>\u00a0<\/p><p><span style=\"color: #faa200;\"><a style=\"color: #faa200;\" href=\"https:\/\/recreasciences.com\/nos-evenements\/fete-de-la-science\/\">&gt;&gt; Retrouvez tout le programme de La F\u00eate de la Science CLIQUEZ ICI.<\/a><\/span><\/p>\t\t\t\t\t\t\t\t<\/div>\n\t\t\t\t<\/div>\n\t\t\t\t<\/div>\n\t\t<div class=\"elementor-element elementor-element-22b560d e-con-full e-flex e-con e-child\" data-id=\"22b560d\" data-element_type=\"container\" data-e-type=\"container\">\n\t\t\t\t<div class=\"elementor-element elementor-element-bca7278 elementor-widget elementor-widget-image\" data-id=\"bca7278\" data-element_type=\"widget\" data-e-type=\"widget\" data-widget_type=\"image.default\">\n\t\t\t\t<div class=\"elementor-widget-container\">\n\t\t\t\t\t\t\t\t\t\t\t\t\t\t\t<img decoding=\"async\" width=\"270\" height=\"382\" src=\"https:\/\/maisondelenergie.sehv.fr\/wp-content\/uploads\/2024\/09\/Image_Evenement_Le_Grand_Lab_Eau_Site_Internet_Limoges_Metropole.png\" class=\"attachment-large size-large wp-image-6600\" alt=\"\" srcset=\"https:\/\/maisondelenergie.sehv.fr\/wp-content\/uploads\/2024\/09\/Image_Evenement_Le_Grand_Lab_Eau_Site_Internet_Limoges_Metropole.png 270w, https:\/\/maisondelenergie.sehv.fr\/wp-content\/uploads\/2024\/09\/Image_Evenement_Le_Grand_Lab_Eau_Site_Internet_Limoges_Metropole-212x300.png 212w\" sizes=\"(max-width: 270px) 100vw, 270px\" \/>\t\t\t\t\t\t\t\t\t\t\t\t\t\t\t<\/div>\n\t\t\t\t<\/div>\n\t\t\t\t<\/div>\n\t\t\t\t\t<\/div>\n\t\t\t\t<\/div>\n\t\t<div class=\"elementor-element elementor-element-a163ef3 e-flex e-con-boxed e-con e-parent\" data-id=\"a163ef3\" data-element_type=\"container\" data-e-type=\"container\">\n\t\t\t\t\t<div class=\"e-con-inner\">\n\t\t\t\t<div class=\"elementor-element elementor-element-7660b13 elementor-widget elementor-widget-spacer\" data-id=\"7660b13\" data-element_type=\"widget\" data-e-type=\"widget\" data-widget_type=\"spacer.default\">\n\t\t\t\t<div class=\"elementor-widget-container\">\n\t\t\t\t\t\t\t<div class=\"elementor-spacer\">\n\t\t\t<div class=\"elementor-spacer-inner\"><\/div>\n\t\t<\/div>\n\t\t\t\t\t\t<\/div>\n\t\t\t\t<\/div>\n\t\t\t\t\t<\/div>\n\t\t\t\t<\/div>\n\t\t\t\t<\/div>\n\t\t","protected":false},"excerpt":{"rendered":"<p>Un nouvel atelier de LA MAISON DE L&rsquo;\u00c9NERGIE \u00e0 d\u00e9couvrir lors de la F\u00eate de la Science et du Grand lab&rsquo;EAU ! Du 10 au 12 octobre 2024, les nouveaux ateliers sur l\u2019eau propos\u00e9s par le Syndicat \u00c9nergies Haute-Vienne seront au village des sciences de Limoges, \u00e0 Ester technopole. Venez d\u00e9couvrir \u00ab Ton moulin, ton [&hellip;]<\/p>\n","protected":false},"author":1,"featured_media":0,"parent":0,"menu_order":0,"comment_status":"closed","ping_status":"closed","template":"","meta":{"footnotes":""},"class_list":["post-6550","page","type-page","status-publish","hentry"],"_links":{"self":[{"href":"https:\/\/maisondelenergie.sehv.fr\/index.php\/wp-json\/wp\/v2\/pages\/6550","targetHints":{"allow":["GET"]}}],"collection":[{"href":"https:\/\/maisondelenergie.sehv.fr\/index.php\/wp-json\/wp\/v2\/pages"}],"about":[{"href":"https:\/\/maisondelenergie.sehv.fr\/index.php\/wp-json\/wp\/v2\/types\/page"}],"author":[{"embeddable":true,"href":"https:\/\/maisondelenergie.sehv.fr\/index.php\/wp-json\/wp\/v2\/users\/1"}],"replies":[{"embeddable":true,"href":"https:\/\/maisondelenergie.sehv.fr\/index.php\/wp-json\/wp\/v2\/comments?post=6550"}],"version-history":[{"count":26,"href":"https:\/\/maisondelenergie.sehv.fr\/index.php\/wp-json\/wp\/v2\/pages\/6550\/revisions"}],"predecessor-version":[{"id":6643,"href":"https:\/\/maisondelenergie.sehv.fr\/index.php\/wp-json\/wp\/v2\/pages\/6550\/revisions\/6643"}],"wp:attachment":[{"href":"https:\/\/maisondelenergie.sehv.fr\/index.php\/wp-json\/wp\/v2\/media?parent=6550"}],"curies":[{"name":"wp","href":"https:\/\/api.w.org\/{rel}","templated":true}]}}